{"id":141,"date":"2025-02-14T06:16:57","date_gmt":"2025-02-14T11:16:57","guid":{"rendered":"https:\/\/nasawala.co\/?page_id=141"},"modified":"2025-06-28T14:04:02","modified_gmt":"2025-06-28T19:04:02","slug":"inicio","status":"publish","type":"page","link":"https:\/\/nasawala.co\/","title":{"rendered":"Nasa Wala"},"content":{"rendered":"\n<div class=\"wp-block-group alignfull is-layout-flow wp-container-core-group-is-layout-1efb41b9 wp-block-group-is-layout-flow has-background\" style=\"border-style:none;border-width:0px;border-radius:0px;min-height:120px;margin-top:0px;margin-bottom:0px;padding-top:0px;padding-right:0px;padding-bottom:0px;padding-left:0px;background-image:url(&#039;https:\/\/nasawala.co\/wp-content\/uploads\/nasawala-rayas-color.png&#039;);background-position:50% 0;background-size:auto;\"><\/div>\n\n\n\n<div class=\"wp-block-group alignfull is-layout-flow wp-container-core-group-is-layout-bbe1ce01 wp-block-group-is-layout-flow\" style=\"margin-top:0px;margin-bottom:0px;padding-top:0px;padding-right:0;padding-bottom:0px;padding-left:0\"><div id=\"metaslider-id-683\" style=\"width: 100%;\" class=\"ml-slider-3-99-0 metaslider metaslider-flex metaslider-683 ml-slider ms-theme-outline has-carousel-mode has-dots-nav\" role=\"region\" aria-label=\"Nueva presentaci\u00f3n de diapositivas\" data-width=\"480\">\n    <div id=\"metaslider_container_683\">\n        <div id=\"metaslider_683\">\n            <ul class='slides'>\n                <li style=\"display: none; width: 100%;\" class=\"slide-688 ms-image \" aria-roledescription=\"slide\" data-date=\"2025-04-30 09:57:07\"><a href=\"#laboratorio\" target=\"_self\" aria-label=\"View Slide Details\" class=\"metaslider_image_link\"><img loading=\"lazy\" decoding=\"async\" src=\"https:\/\/nasawala.co\/wp-content\/uploads\/reel-001-480x480.jpg\" height=\"480\" width=\"480\" alt=\"NasaWala - Vivero\" class=\"slider-683 slide-688 msDefaultImage\" title=\"NasaWala - Vivero\" \/><\/a><div class=\"caption-wrap\"><div class=\"caption\">NasaWala - Laboratorio de Alta Monta\u00f1a, Resguardo Ind\u00edgena de Calderas, municipio de Inz\u00e1 (Cauca)<\/div><\/div><\/li>\n                <li style=\"display: none; width: 100%;\" class=\"slide-689 ms-image \" aria-roledescription=\"slide\" data-date=\"2025-04-30 09:57:07\"><a href=\"#abono-ancestral\" target=\"_self\" aria-label=\"View Slide Details\" class=\"metaslider_image_link\"><img loading=\"lazy\" decoding=\"async\" src=\"https:\/\/nasawala.co\/wp-content\/uploads\/reel-002-480x480.jpg\" height=\"480\" width=\"480\" alt=\"NasaWala - Planta - Pulverizaci\u00f3n\" class=\"slider-683 slide-689 msDefaultImage\" title=\"NasaWala - Planta - Pulverizaci\u00f3n\" \/><\/a><div class=\"caption-wrap\"><div class=\"caption\">NasaWala - Abono Ancestral con hoja de coca<\/div><\/div><\/li>\n                <li style=\"display: none; width: 100%;\" class=\"slide-692 ms-image \" aria-roledescription=\"slide\" data-date=\"2025-04-30 09:57:40\"><a href=\"#agro-industria\" target=\"_self\" aria-label=\"View Slide Details\" class=\"metaslider_image_link\"><img loading=\"lazy\" decoding=\"async\" src=\"https:\/\/nasawala.co\/wp-content\/uploads\/planta-banner-480x480.jpg\" height=\"480\" width=\"480\" alt=\"NasaWala - Planta\" class=\"slider-683 slide-692 msDefaultImage\" title=\"NasaWala - Planta\" \/><\/a><div class=\"caption-wrap\"><div class=\"caption\">NasaWala - Resguardo Ind\u00edgena de Cohetando (municipio de P\u00e1ez \u2013 Cauca)<\/div><\/div><\/li>\n                <li style=\"display: none; width: 100%;\" class=\"slide-690 ms-image \" aria-roledescription=\"slide\" data-date=\"2025-04-30 09:57:07\"><a href=\"#agro-industria\" target=\"_self\" aria-label=\"View Slide Details\" class=\"metaslider_image_link\"><img loading=\"lazy\" decoding=\"async\" src=\"https:\/\/nasawala.co\/wp-content\/uploads\/reel-003-480x480.jpg\" height=\"480\" width=\"480\" alt=\"NasaWala - Planta - Laboratorio\" class=\"slider-683 slide-690 msDefaultImage\" title=\"NasaWala - Planta - Laboratorio\" \/><\/a><div class=\"caption-wrap\"><div class=\"caption\">NasaWala - Agroindustria transformaci\u00f3n hoja de coca<\/div><\/div><\/li>\n                <li style=\"display: none; width: 100%;\" class=\"slide-693 ms-image \" aria-roledescription=\"slide\" data-date=\"2025-04-30 10:02:42\"><a href=\"#aporta-territorio\" target=\"_self\" aria-label=\"View Slide Details\" class=\"metaslider_image_link\"><img loading=\"lazy\" decoding=\"async\" src=\"https:\/\/nasawala.co\/wp-content\/uploads\/reel-005-480x480.jpg\" height=\"480\" width=\"480\" alt=\"NasaWala - Apoyo a la infancia de la comunidad\" class=\"slider-683 slide-693 msDefaultImage\" title=\"NasaWala - Apoyo a la infancia de la comunidad\" \/><\/a><div class=\"caption-wrap\"><div class=\"caption\">NasaWala - La Fundaci\u00f3n Nasa Wala aporta al territorio<\/div><\/div><\/li>\n                <li style=\"display: none; width: 100%;\" class=\"slide-694 ms-image \" aria-roledescription=\"slide\" data-date=\"2025-04-30 10:03:19\"><a href=\"#derechos-menstruales\" target=\"_self\" aria-label=\"View Slide Details\" class=\"metaslider_image_link\"><img loading=\"lazy\" decoding=\"async\" src=\"https:\/\/nasawala.co\/wp-content\/uploads\/reel-004-480x480.jpg\" height=\"480\" width=\"480\" alt=\"NasaWala - Capacitaci\u00f3n a la comunidad femenina\" class=\"slider-683 slide-694 msDefaultImage\" title=\"NasaWala - Capacitaci\u00f3n a la comunidad femenina\" \/><\/a><div class=\"caption-wrap\"><div class=\"caption\">NasaWala - Promoci\u00f3n de derechos menstruales a mujeres ind\u00edgenas del Resguardo de Calderas<\/div><\/div><\/li>\n            <\/ul>\n        <\/div>\n        \n    <\/div>\n<\/div>\n<\/div>\n\n\n\n<div class=\"wp-block-group alignfull is-layout-constrained wp-container-core-group-is-layout-a30c5520 wp-block-group-is-layout-constrained\" style=\"margin-top:var(--wp--preset--spacing--60);margin-bottom:var(--wp--preset--spacing--60);padding-top:0;padding-right:0;padding-bottom:0;padding-left:0\">\n<div class=\"wp-block-columns are-vertically-aligned-center is-layout-flex wp-container-core-columns-is-layout-28f84493 wp-block-columns-is-layout-flex\">\n<div class=\"wp-block-column is-vertically-aligned-center has-background-color has-vivid-red-background-color has-text-color has-background has-link-color wp-elements-6e7155f3c33d706fa8cc5da9a9007ece is-layout-flow wp-block-column-is-layout-flow\" style=\"border-top-left-radius:16px;border-top-right-radius:0px;border-bottom-left-radius:0px;border-bottom-right-radius:16px;padding-top:var(--wp--preset--spacing--50);padding-right:var(--wp--preset--spacing--50);padding-bottom:var(--wp--preset--spacing--50);padding-left:var(--wp--preset--spacing--50);flex-basis:50%\">\n<h2 class=\"wp-block-heading\">Nuestra Organizaci\u00f3n<\/h2>\n\n\n\n<p class=\"is-style-text-subtitle\">Somos una organizaci\u00f3n empresarial ind\u00edgena ubicada en Tierradentro, departamento del Cauca (Colombia), quienes impulsamos procesos sociales y productivos para el bienestar y la transformaci\u00f3n territorial de los m\u00e1s de 20.000 habitantes de esta regi\u00f3n.<\/p>\n\n\n\n<p>Estamos constituidos a trav\u00e9s de una empresa <strong>Nasa Wala Wes\u2019x SAS<\/strong> que representa nuestra fuerza productiva con cuatro l\u00edneas de acci\u00f3n que nacen del poder de este territorio: Plantas medicinales, producci\u00f3n sostenible, piedras preciosas y agua &#8211; vida.<\/p>\n\n\n\n<p>Por otra parte, y a trav\u00e9s de <strong>Nasa Wala Fundaci\u00f3n<\/strong>, el poder del territorio se expande y transforma vidas, ya que las ganancias de la empresa en materia de industrializaci\u00f3n de la hoja de coca, son invertidas para el bienestar del territorio.<\/p>\n<\/div>\n\n\n\n<div class=\"wp-block-column is-vertically-aligned-center is-layout-flow wp-block-column-is-layout-flow\" style=\"padding-top:var(--wp--preset--spacing--50);padding-right:var(--wp--preset--spacing--50);padding-bottom:var(--wp--preset--spacing--50);padding-left:var(--wp--preset--spacing--50);flex-basis:50%\">\n<figure class=\"wp-block-image aligncenter size-full\" style=\"margin-top:0;margin-right:0;margin-bottom:0;margin-left:0\"><img loading=\"lazy\" decoding=\"async\" width=\"700\" height=\"260\" src=\"https:\/\/nasawala.co\/wp-content\/uploads\/nasawala-h.png\" alt=\"Nasawala\" class=\"wp-image-369\" style=\"object-fit:cover\" srcset=\"https:\/\/nasawala.co\/wp-content\/uploads\/nasawala-h.png 700w, https:\/\/nasawala.co\/wp-content\/uploads\/nasawala-h-300x111.png 300w\" sizes=\"auto, (max-width: 700px) 100vw, 700px\" \/><\/figure>\n<\/div>\n<\/div>\n<\/div>\n\n\n\n<div class=\"wp-block-query alignfull is-layout-constrained wp-block-query-is-layout-constrained\"><ul class=\"columns-2 wp-block-post-template is-layout-grid wp-container-core-post-template-is-layout-f12a65ed wp-block-post-template-is-layout-grid\"><li class=\"wp-block-post post-193 post type-post status-publish format-standard has-post-thumbnail hentry category-noticias tag-comunidades-cocaleras tag-industrializacion-de-la-hoja-de-coca tag-laboratorio-legal\">\n\n<div class=\"wp-block-columns are-vertically-aligned-top has-small-font-size is-layout-flex wp-container-core-columns-is-layout-7ee115f0 wp-block-columns-is-layout-flex\" style=\"border-style:none;border-width:0px;border-top-left-radius:16px;border-top-right-radius:0px;border-bottom-left-radius:0px;border-bottom-right-radius:16px;padding-top:0;padding-right:0;padding-bottom:0;padding-left:0;box-shadow:var(--wp--preset--shadow--natural)\">\n<div class=\"wp-block-column is-vertically-aligned-top is-layout-flow wp-block-column-is-layout-flow\" style=\"padding-top:var(--wp--preset--spacing--40);padding-right:var(--wp--preset--spacing--40);padding-bottom:var(--wp--preset--spacing--40);padding-left:var(--wp--preset--spacing--40);flex-basis:50%\"><figure class=\"wp-block-post-featured-image\"><a href=\"https:\/\/nasawala.co\/index.php\/2024\/11\/09\/comunidades-cocaleras-se-unen-para-explorar-iniciativas-de-industrializacion-de-la-coca\/\" target=\"_self\"  ><img loading=\"lazy\" decoding=\"async\" width=\"1000\" height=\"750\" src=\"https:\/\/nasawala.co\/wp-content\/uploads\/comunidades-cocaleras.jpg\" class=\"attachment-post-thumbnail size-post-thumbnail wp-post-image\" alt=\"Comunidades cocaleras se unen para explorar iniciativas de industrializaci\u00f3n de la coca\" style=\"border-radius:8px;object-fit:cover;\" srcset=\"https:\/\/nasawala.co\/wp-content\/uploads\/comunidades-cocaleras.jpg 1000w, https:\/\/nasawala.co\/wp-content\/uploads\/comunidades-cocaleras-300x225.jpg 300w, https:\/\/nasawala.co\/wp-content\/uploads\/comunidades-cocaleras-768x576.jpg 768w\" sizes=\"auto, (max-width: 1000px) 100vw, 1000px\" \/><\/a><\/figure><\/div>\n\n\n\n<div class=\"wp-block-column is-vertically-aligned-top is-content-justification-left is-layout-constrained wp-container-core-column-is-layout-9c81db52 wp-block-column-is-layout-constrained\" style=\"padding-top:var(--wp--preset--spacing--30);padding-right:var(--wp--preset--spacing--30);padding-bottom:var(--wp--preset--spacing--30);padding-left:var(--wp--preset--spacing--30);flex-basis:50%\"><h2 style=\"margin-top:0.2em;\" class=\"has-link-color wp-elements-e9e5e7d30e6a9fdcaf00a1d599752b72 wp-block-post-title has-text-color has-vivid-red-color has-small-font-size\"><a href=\"https:\/\/nasawala.co\/index.php\/2024\/11\/09\/comunidades-cocaleras-se-unen-para-explorar-iniciativas-de-industrializacion-de-la-coca\/\" target=\"_self\" >Comunidades cocaleras se unen para explorar iniciativas de industrializaci\u00f3n de la coca<\/a><\/h2>\n\n<div style=\"font-size:0.9rem;line-height:1.3; padding-top:0;padding-bottom:0;\" class=\"wp-block-post-excerpt\"><p class=\"wp-block-post-excerpt__excerpt\">Construcci\u00f3n de alianzas entre comunidades cocaleras: Encuentro entre la COCCAM&hellip;<\/p><p class=\"wp-block-post-excerpt__more-text\"><a class=\"wp-block-post-excerpt__more-link\" href=\"https:\/\/nasawala.co\/index.php\/2024\/11\/09\/comunidades-cocaleras-se-unen-para-explorar-iniciativas-de-industrializacion-de-la-coca\/\">Abrir la noticia &gt;&gt;<\/a><\/p><\/div><\/div>\n<\/div>\n\n<\/li><li class=\"wp-block-post post-191 post type-post status-publish format-standard has-post-thumbnail hentry category-noticias tag-esencias tag-extractos tag-innovacion tag-laboratorio-legal tag-mercados-internacionales tag-planta-de-industrializacion tag-sector-privado\">\n\n<div class=\"wp-block-columns are-vertically-aligned-top has-small-font-size is-layout-flex wp-container-core-columns-is-layout-7ee115f0 wp-block-columns-is-layout-flex\" style=\"border-style:none;border-width:0px;border-top-left-radius:16px;border-top-right-radius:0px;border-bottom-left-radius:0px;border-bottom-right-radius:16px;padding-top:0;padding-right:0;padding-bottom:0;padding-left:0;box-shadow:var(--wp--preset--shadow--natural)\">\n<div class=\"wp-block-column is-vertically-aligned-top is-layout-flow wp-block-column-is-layout-flow\" style=\"padding-top:var(--wp--preset--spacing--40);padding-right:var(--wp--preset--spacing--40);padding-bottom:var(--wp--preset--spacing--40);padding-left:var(--wp--preset--spacing--40);flex-basis:50%\"><figure class=\"wp-block-post-featured-image\"><a href=\"https:\/\/nasawala.co\/index.php\/2024\/09\/12\/alianza-con-el-sector-privado-para-ingresar-a-mercados-internacionales\/\" target=\"_self\"  ><img loading=\"lazy\" decoding=\"async\" width=\"1000\" height=\"750\" src=\"https:\/\/nasawala.co\/wp-content\/uploads\/planta-industrializacion.jpg\" class=\"attachment-post-thumbnail size-post-thumbnail wp-post-image\" alt=\"Alianza con el sector privado para ingresar a mercados internacionales\" style=\"border-radius:8px;object-fit:cover;\" srcset=\"https:\/\/nasawala.co\/wp-content\/uploads\/planta-industrializacion.jpg 1000w, https:\/\/nasawala.co\/wp-content\/uploads\/planta-industrializacion-300x225.jpg 300w, https:\/\/nasawala.co\/wp-content\/uploads\/planta-industrializacion-768x576.jpg 768w\" sizes=\"auto, (max-width: 1000px) 100vw, 1000px\" \/><\/a><\/figure><\/div>\n\n\n\n<div class=\"wp-block-column is-vertically-aligned-top is-content-justification-left is-layout-constrained wp-container-core-column-is-layout-9c81db52 wp-block-column-is-layout-constrained\" style=\"padding-top:var(--wp--preset--spacing--30);padding-right:var(--wp--preset--spacing--30);padding-bottom:var(--wp--preset--spacing--30);padding-left:var(--wp--preset--spacing--30);flex-basis:50%\"><h2 style=\"margin-top:0.2em;\" class=\"has-link-color wp-elements-e9e5e7d30e6a9fdcaf00a1d599752b72 wp-block-post-title has-text-color has-vivid-red-color has-small-font-size\"><a href=\"https:\/\/nasawala.co\/index.php\/2024\/09\/12\/alianza-con-el-sector-privado-para-ingresar-a-mercados-internacionales\/\" target=\"_self\" >Alianza con el sector privado para ingresar a mercados internacionales<\/a><\/h2>\n\n<div style=\"font-size:0.9rem;line-height:1.3; padding-top:0;padding-bottom:0;\" class=\"wp-block-post-excerpt\"><p class=\"wp-block-post-excerpt__excerpt\">La planta de industrializaci\u00f3n de la hoja de coca ubicada&hellip;<\/p><p class=\"wp-block-post-excerpt__more-text\"><a class=\"wp-block-post-excerpt__more-link\" href=\"https:\/\/nasawala.co\/index.php\/2024\/09\/12\/alianza-con-el-sector-privado-para-ingresar-a-mercados-internacionales\/\">Abrir la noticia &gt;&gt;<\/a><\/p><\/div><\/div>\n<\/div>\n\n<\/li><li class=\"wp-block-post post-187 post type-post status-publish format-standard has-post-thumbnail hentry category-noticias tag-desarrollo-sostenible tag-hoja-de-coca tag-politica-de-drogas\">\n\n<div class=\"wp-block-columns are-vertically-aligned-top has-small-font-size is-layout-flex wp-container-core-columns-is-layout-7ee115f0 wp-block-columns-is-layout-flex\" style=\"border-style:none;border-width:0px;border-top-left-radius:16px;border-top-right-radius:0px;border-bottom-left-radius:0px;border-bottom-right-radius:16px;padding-top:0;padding-right:0;padding-bottom:0;padding-left:0;box-shadow:var(--wp--preset--shadow--natural)\">\n<div class=\"wp-block-column is-vertically-aligned-top is-layout-flow wp-block-column-is-layout-flow\" style=\"padding-top:var(--wp--preset--spacing--40);padding-right:var(--wp--preset--spacing--40);padding-bottom:var(--wp--preset--spacing--40);padding-left:var(--wp--preset--spacing--40);flex-basis:50%\"><figure class=\"wp-block-post-featured-image\"><a href=\"https:\/\/nasawala.co\/index.php\/2024\/03\/01\/ministerio-de-agricultura-y-desarrollo-rural-impulsa-alianzas-para-la-industrializacion-de-la-hoja-de-coca\/\" target=\"_self\"  ><img loading=\"lazy\" decoding=\"async\" width=\"1000\" height=\"750\" src=\"https:\/\/nasawala.co\/wp-content\/uploads\/ministra-agricultura-expone.jpg\" class=\"attachment-post-thumbnail size-post-thumbnail wp-post-image\" alt=\"Ministerio de Agricultura y Desarrollo Rural impulsa alianzas para la industrializaci\u00f3n de la hoja de coca\" style=\"border-radius:8px;object-fit:cover;\" srcset=\"https:\/\/nasawala.co\/wp-content\/uploads\/ministra-agricultura-expone.jpg 1000w, https:\/\/nasawala.co\/wp-content\/uploads\/ministra-agricultura-expone-300x225.jpg 300w, https:\/\/nasawala.co\/wp-content\/uploads\/ministra-agricultura-expone-768x576.jpg 768w\" sizes=\"auto, (max-width: 1000px) 100vw, 1000px\" \/><\/a><\/figure><\/div>\n\n\n\n<div class=\"wp-block-column is-vertically-aligned-top is-content-justification-left is-layout-constrained wp-container-core-column-is-layout-9c81db52 wp-block-column-is-layout-constrained\" style=\"padding-top:var(--wp--preset--spacing--30);padding-right:var(--wp--preset--spacing--30);padding-bottom:var(--wp--preset--spacing--30);padding-left:var(--wp--preset--spacing--30);flex-basis:50%\"><h2 style=\"margin-top:0.2em;\" class=\"has-link-color wp-elements-e9e5e7d30e6a9fdcaf00a1d599752b72 wp-block-post-title has-text-color has-vivid-red-color has-small-font-size\"><a href=\"https:\/\/nasawala.co\/index.php\/2024\/03\/01\/ministerio-de-agricultura-y-desarrollo-rural-impulsa-alianzas-para-la-industrializacion-de-la-hoja-de-coca\/\" target=\"_self\" >Ministerio de Agricultura y Desarrollo Rural impulsa alianzas para la industrializaci\u00f3n de la hoja de coca<\/a><\/h2>\n\n<div style=\"font-size:0.9rem;line-height:1.3; padding-top:0;padding-bottom:0;\" class=\"wp-block-post-excerpt\"><p class=\"wp-block-post-excerpt__excerpt\">Ministra de Agricultura y Desarrollo Rural, Jhenifer Mojica impulsa como&hellip;<\/p><p class=\"wp-block-post-excerpt__more-text\"><a class=\"wp-block-post-excerpt__more-link\" href=\"https:\/\/nasawala.co\/index.php\/2024\/03\/01\/ministerio-de-agricultura-y-desarrollo-rural-impulsa-alianzas-para-la-industrializacion-de-la-hoja-de-coca\/\">Abrir la noticia &gt;&gt;<\/a><\/p><\/div><\/div>\n<\/div>\n\n<\/li><li class=\"wp-block-post post-183 post type-post status-publish format-standard has-post-thumbnail hentry category-noticias tag-hoja-de-coca tag-paz-y-desarrollo\">\n\n<div class=\"wp-block-columns are-vertically-aligned-top has-small-font-size is-layout-flex wp-container-core-columns-is-layout-7ee115f0 wp-block-columns-is-layout-flex\" style=\"border-style:none;border-width:0px;border-top-left-radius:16px;border-top-right-radius:0px;border-bottom-left-radius:0px;border-bottom-right-radius:16px;padding-top:0;padding-right:0;padding-bottom:0;padding-left:0;box-shadow:var(--wp--preset--shadow--natural)\">\n<div class=\"wp-block-column is-vertically-aligned-top is-layout-flow wp-block-column-is-layout-flow\" style=\"padding-top:var(--wp--preset--spacing--40);padding-right:var(--wp--preset--spacing--40);padding-bottom:var(--wp--preset--spacing--40);padding-left:var(--wp--preset--spacing--40);flex-basis:50%\"><figure class=\"wp-block-post-featured-image\"><a href=\"https:\/\/nasawala.co\/index.php\/2023\/09\/15\/ministerio-del-interior-apoya-el-abono-con-hoja-de-coca\/\" target=\"_self\"  ><img loading=\"lazy\" decoding=\"async\" width=\"1000\" height=\"750\" src=\"https:\/\/nasawala.co\/wp-content\/uploads\/ministro-interior_x_1000.jpg\" class=\"attachment-post-thumbnail size-post-thumbnail wp-post-image\" alt=\"Ministerio del Interior apoya el abono con hoja de coca\" style=\"border-radius:8px;object-fit:cover;\" srcset=\"https:\/\/nasawala.co\/wp-content\/uploads\/ministro-interior_x_1000.jpg 1000w, https:\/\/nasawala.co\/wp-content\/uploads\/ministro-interior_x_1000-300x225.jpg 300w, https:\/\/nasawala.co\/wp-content\/uploads\/ministro-interior_x_1000-768x576.jpg 768w\" sizes=\"auto, (max-width: 1000px) 100vw, 1000px\" \/><\/a><\/figure><\/div>\n\n\n\n<div class=\"wp-block-column is-vertically-aligned-top is-content-justification-left is-layout-constrained wp-container-core-column-is-layout-9c81db52 wp-block-column-is-layout-constrained\" style=\"padding-top:var(--wp--preset--spacing--30);padding-right:var(--wp--preset--spacing--30);padding-bottom:var(--wp--preset--spacing--30);padding-left:var(--wp--preset--spacing--30);flex-basis:50%\"><h2 style=\"margin-top:0.2em;\" class=\"has-link-color wp-elements-e9e5e7d30e6a9fdcaf00a1d599752b72 wp-block-post-title has-text-color has-vivid-red-color has-small-font-size\"><a href=\"https:\/\/nasawala.co\/index.php\/2023\/09\/15\/ministerio-del-interior-apoya-el-abono-con-hoja-de-coca\/\" target=\"_self\" >Ministerio del Interior apoya el abono con hoja de coca<\/a><\/h2>\n\n<div style=\"font-size:0.9rem;line-height:1.3; padding-top:0;padding-bottom:0;\" class=\"wp-block-post-excerpt\"><p class=\"wp-block-post-excerpt__excerpt\">El Ministro del Interior Luis Fernando Velasco dialoga con los&hellip;<\/p><p class=\"wp-block-post-excerpt__more-text\"><a class=\"wp-block-post-excerpt__more-link\" href=\"https:\/\/nasawala.co\/index.php\/2023\/09\/15\/ministerio-del-interior-apoya-el-abono-con-hoja-de-coca\/\">Abrir la noticia &gt;&gt;<\/a><\/p><\/div><\/div>\n<\/div>\n\n<\/li><\/ul>\n\n<\/div>\n\n\n\n<div class=\"wp-block-group has-tertiary-background-color has-background is-layout-constrained wp-block-group-is-layout-constrained\" style=\"border-top-left-radius:16px;border-top-right-radius:0px;border-bottom-left-radius:0px;border-bottom-right-radius:16px\">\n<div class=\"wp-block-columns is-layout-flex wp-container-core-columns-is-layout-1dfc9f9c wp-block-columns-is-layout-flex\" style=\"margin-top:0;margin-bottom:0;padding-top:var(--wp--preset--spacing--50);padding-right:var(--wp--preset--spacing--50);padding-bottom:var(--wp--preset--spacing--50);padding-left:var(--wp--preset--spacing--50)\">\n<div class=\"wp-block-column is-vertically-aligned-stretch is-content-justification-left is-layout-constrained wp-container-core-column-is-layout-1ad27c61 wp-block-column-is-layout-constrained\" style=\"padding-right:0;padding-left:0;flex-basis:33%\">\n<h3 class=\"wp-block-heading has-text-align-center\">Aliados<\/h3>\n\n\n\n<figure class=\"wp-block-image size-full\" style=\"margin-right:var(--wp--preset--spacing--60);margin-left:var(--wp--preset--spacing--60)\"><img loading=\"lazy\" decoding=\"async\" width=\"421\" height=\"206\" src=\"https:\/\/nasawala.co\/wp-content\/uploads\/power-leaves-corp.png\" alt=\"Power Leaves Corp.\" class=\"wp-image-246\"\/><\/figure>\n<\/div>\n\n\n\n<div class=\"wp-block-column is-vertically-aligned-center is-layout-flow wp-block-column-is-layout-flow\" style=\"flex-basis:67%\">\n<p><strong>Power Leaves: <\/strong>empresa canadiense que financia la l\u00ednea de transformaci\u00f3n e industrializaci\u00f3n de la hoja de coca. Nasa Wala le vende a Power Leaves los extractos y esencias de hoja de coca descocainizados y sin alcaloides con destino a la industria internacional y nacional de alimentos y bebidas.<\/p>\n\n\n\n<div class=\"wp-block-buttons is-layout-flex wp-block-buttons-is-layout-flex\">\n<div class=\"wp-block-button has-custom-width wp-block-button__width-100\"><a class=\"wp-block-button__link wp-element-button\" href=\"https:\/\/powerleaves.com\" style=\"border-radius:16px\" target=\"_blank\" rel=\"noreferrer noopener\">Visitar la p\u00e1gina web<\/a><\/div>\n<\/div>\n<\/div>\n<\/div>\n<\/div>\n\n\n\n<div class=\"wp-block-group alignfull is-layout-constrained wp-container-core-group-is-layout-5c3d8866 wp-block-group-is-layout-constrained\" id=\"laboratorio\" style=\"margin-top:var(--wp--preset--spacing--50);margin-bottom:var(--wp--preset--spacing--50);padding-top:0;padding-right:0;padding-bottom:0;padding-left:0\">\n<div class=\"wp-block-columns are-vertically-aligned-center is-layout-flex wp-container-core-columns-is-layout-28f84493 wp-block-columns-is-layout-flex\">\n<div class=\"wp-block-column is-vertically-aligned-center is-layout-flow wp-block-column-is-layout-flow\">\n<h2 class=\"wp-block-heading has-large-font-size\"><strong>Laboratorio de Alta Monta\u00f1a \u2013 Resguardo Ind\u00edgena de Calderas, municipio de Inz\u00e1 (Cauca)<\/strong><\/h2>\n\n\n\n<p>El laboratorio de Alta Monta\u00f1a ubicado en el Resguardo Ind\u00edgena de Calderas, es un escenario para el estudio y valoraci\u00f3n de los productos derivados de la hoja de coca. En el invernadero se cultivan diferentes productos como: tomate, hortalizas, plantas arom\u00e1ticas y medicinales, las cuales son abonadas y fertilizadas con los agroinsumos de hoja de coca. Este laboratorio es liderado por la poblaci\u00f3n ind\u00edgena del Resguardo de Calderas, quienes aportan con sus conocimientos al mejoramiento de modelos de producci\u00f3n e insumos agr\u00edcolas. Su ubicaci\u00f3n a m\u00e1s de 1500 metros sobre el nivel del mar, contribuye a que se puedan evaluar los comportamientos de productos agr\u00edcolas a esa altura.&nbsp;<\/p>\n\n\n\n<p>La zona de Tierradentro en el Cauca, zona en la cual nos encontramos ubicados, es productora principalmente de Caf\u00e9. Nasa Wala ha desarrollado un abono para el caf\u00e9, el cual ha sido probado en este laboratorio. A la fecha, seguimos investigando en el desarrollo de productos agr\u00edcolas, producto del compostaje con la hoja de coca, le estamos apuntando a mercados org\u00e1nicos y agroecol\u00f3gicos.<\/p>\n<\/div>\n\n\n\n<div class=\"wp-block-column is-vertically-aligned-center is-layout-flow wp-container-core-column-is-layout-38bca3ef wp-block-column-is-layout-flow\" style=\"padding-top:var(--wp--preset--spacing--60);padding-right:var(--wp--preset--spacing--60);padding-bottom:var(--wp--preset--spacing--60);padding-left:var(--wp--preset--spacing--60)\">\n<figure class=\"wp-block-image size-large has-custom-border\"><img loading=\"lazy\" decoding=\"async\" width=\"1024\" height=\"1024\" src=\"https:\/\/nasawala.co\/wp-content\/uploads\/reel-001-1024x1024.jpg\" alt=\"NasaWala - Laboratorio de Alta Monta\u00f1a \u2013 Resguardo Ind\u00edgena de Calderas, municipio de Inz\u00e1 (Cauca)\" class=\"wp-image-650\" style=\"border-radius:16px\" srcset=\"https:\/\/nasawala.co\/wp-content\/uploads\/reel-001-1024x1024.jpg 1024w, https:\/\/nasawala.co\/wp-content\/uploads\/reel-001-300x300.jpg 300w, https:\/\/nasawala.co\/wp-content\/uploads\/reel-001-150x150.jpg 150w, https:\/\/nasawala.co\/wp-content\/uploads\/reel-001-768x768.jpg 768w, https:\/\/nasawala.co\/wp-content\/uploads\/reel-001-400x400.jpg 400w, https:\/\/nasawala.co\/wp-content\/uploads\/reel-001-480x480.jpg 480w, https:\/\/nasawala.co\/wp-content\/uploads\/reel-001.jpg 1080w\" sizes=\"auto, (max-width: 1024px) 100vw, 1024px\" \/><\/figure>\n<\/div>\n<\/div>\n<\/div>\n\n\n\n<div class=\"wp-block-group alignfull is-layout-constrained wp-container-core-group-is-layout-5c3d8866 wp-block-group-is-layout-constrained\" id=\"abono-ancestral\" style=\"margin-top:var(--wp--preset--spacing--50);margin-bottom:var(--wp--preset--spacing--50);padding-top:0;padding-right:0;padding-bottom:0;padding-left:0\">\n<div class=\"wp-block-columns are-vertically-aligned-center is-layout-flex wp-container-core-columns-is-layout-28f84493 wp-block-columns-is-layout-flex\">\n<div class=\"wp-block-column is-vertically-aligned-center is-layout-flow wp-block-column-is-layout-flow\" style=\"padding-top:var(--wp--preset--spacing--60);padding-right:var(--wp--preset--spacing--60);padding-bottom:var(--wp--preset--spacing--60);padding-left:var(--wp--preset--spacing--60)\">\n<figure class=\"wp-block-image size-large has-custom-border\"><img loading=\"lazy\" decoding=\"async\" width=\"1024\" height=\"1024\" src=\"https:\/\/nasawala.co\/wp-content\/uploads\/reel-002-1024x1024.jpg\" alt=\"NasaWala - Abono Ancestral con hoja de coca\" class=\"wp-image-651\" style=\"border-radius:16px\" srcset=\"https:\/\/nasawala.co\/wp-content\/uploads\/reel-002-1024x1024.jpg 1024w, https:\/\/nasawala.co\/wp-content\/uploads\/reel-002-300x300.jpg 300w, https:\/\/nasawala.co\/wp-content\/uploads\/reel-002-150x150.jpg 150w, https:\/\/nasawala.co\/wp-content\/uploads\/reel-002-768x768.jpg 768w, https:\/\/nasawala.co\/wp-content\/uploads\/reel-002-400x400.jpg 400w, https:\/\/nasawala.co\/wp-content\/uploads\/reel-002-480x480.jpg 480w, https:\/\/nasawala.co\/wp-content\/uploads\/reel-002.jpg 1080w\" sizes=\"auto, (max-width: 1024px) 100vw, 1024px\" \/><\/figure>\n<\/div>\n\n\n\n<div class=\"wp-block-column is-vertically-aligned-center is-layout-flow wp-block-column-is-layout-flow\">\n<h2 class=\"wp-block-heading has-large-font-size\">Abono Ancestral con hoja de coca<\/h2>\n\n\n\n<p>Es un abono desarrollado a finales del 2023 especializado en la cadena de caf\u00e9. Es producido con un n\u00facleo org\u00e1nico de hoja de coca el cual proporciona unas calidades especiales en cuanto a minerales como hierro y manganeso. Este abono ha sido aprobado por el Instituto Colombiano Agropecuario (ICA) como el primero que contiene hoja de coca para su comercializaci\u00f3n a nivel nacional.<\/p>\n\n\n\n<p>Nasa Wala, sigue investigando e innovando con agroinsumos que contengan mayores porcentajes de hoja de coca, y que le puedan apuntar a mercados org\u00e1nicos y agroecol\u00f3gicos.<\/p>\n<\/div>\n<\/div>\n<\/div>\n\n\n\n<div class=\"wp-block-group alignfull is-layout-constrained wp-container-core-group-is-layout-5c3d8866 wp-block-group-is-layout-constrained\" id=\"agro-industria\" style=\"margin-top:var(--wp--preset--spacing--50);margin-bottom:var(--wp--preset--spacing--50);padding-top:0;padding-right:0;padding-bottom:0;padding-left:0\">\n<div class=\"wp-block-columns are-vertically-aligned-center is-layout-flex wp-container-core-columns-is-layout-28f84493 wp-block-columns-is-layout-flex\">\n<div class=\"wp-block-column is-vertically-aligned-center is-layout-flow wp-block-column-is-layout-flow\">\n<h2 class=\"wp-block-heading has-large-font-size\">Agroindustria transformaci\u00f3n hoja de coca \u2013 Resguardo Ind\u00edgena de Cohetando (municipio de P\u00e1ez \u2013 Cauca)<\/h2>\n\n\n\n<p>En el Resguardo Ind\u00edgena de Cohetando, ubicado en el municipio de P\u00e1ez en el departamento de Cauca, esta ubicada la planta de industrializaci\u00f3n de la hoja de coca. En esta planta se transforma la hoja de coca en extractos y esencias sin alcaloides fiscalizables. As\u00ed mismo, se producen agroinsumos, como el abono con n\u00facleo de hoja de coca.<\/p>\n\n\n\n<p>Es una planta operada en su mayor\u00eda por personal ind\u00edgena de los Resguardos de Cohetando, Calderas y Togoima. Quienes han sido elegidos por las autoridades ind\u00edgenas de cada uno de sus Resguardos. As\u00ed mismo, se ha desarrollado un plan de capacitaciones con el fin de transferir y complementar los conocimientos en relaci\u00f3n a la descocainizaci\u00f3n y transformaci\u00f3n de la hoja de coca. El objetivo es que en el corto plazo sea una planta operada 100% por ind\u00edgenas Nasas. A la fecha se recibe un acompa\u00f1amiento por parte de la empresa Power Leaves Corp, que han aportado con la presencia de cient\u00edficos de pa\u00edses como Estados Unidos y Holanda, quienes han investigado la separaci\u00f3n de los alcaloides fiscalizables de las propiedades de la hoja de coca, as\u00ed como el desarrollo de nuevos productos. &nbsp;<\/p>\n<\/div>\n\n\n\n<div class=\"wp-block-column is-vertically-aligned-center is-layout-flow wp-block-column-is-layout-flow\" style=\"padding-top:var(--wp--preset--spacing--60);padding-right:var(--wp--preset--spacing--60);padding-bottom:var(--wp--preset--spacing--60);padding-left:var(--wp--preset--spacing--60)\">\n<figure class=\"wp-block-image size-large has-custom-border\"><img loading=\"lazy\" decoding=\"async\" width=\"1024\" height=\"1024\" src=\"https:\/\/nasawala.co\/wp-content\/uploads\/reel-003-1024x1024.jpg\" alt=\"NasaWala - Planta - Laboratorio\" class=\"wp-image-645\" style=\"border-radius:16px\" srcset=\"https:\/\/nasawala.co\/wp-content\/uploads\/reel-003-1024x1024.jpg 1024w, https:\/\/nasawala.co\/wp-content\/uploads\/reel-003-300x300.jpg 300w, https:\/\/nasawala.co\/wp-content\/uploads\/reel-003-150x150.jpg 150w, https:\/\/nasawala.co\/wp-content\/uploads\/reel-003-768x768.jpg 768w, https:\/\/nasawala.co\/wp-content\/uploads\/reel-003-400x400.jpg 400w, https:\/\/nasawala.co\/wp-content\/uploads\/reel-003-480x480.jpg 480w, https:\/\/nasawala.co\/wp-content\/uploads\/reel-003.jpg 1080w\" sizes=\"auto, (max-width: 1024px) 100vw, 1024px\" \/><\/figure>\n<\/div>\n<\/div>\n<\/div>\n\n\n\n<div class=\"wp-block-group alignfull is-layout-constrained wp-container-core-group-is-layout-5c3d8866 wp-block-group-is-layout-constrained\" id=\"aporta-territorio\" style=\"margin-top:var(--wp--preset--spacing--50);margin-bottom:var(--wp--preset--spacing--50);padding-top:0;padding-right:0;padding-bottom:0;padding-left:0\">\n<div class=\"wp-block-columns are-vertically-aligned-center is-layout-flex wp-container-core-columns-is-layout-28f84493 wp-block-columns-is-layout-flex\">\n<div class=\"wp-block-column is-vertically-aligned-center is-layout-flow wp-block-column-is-layout-flow\" style=\"padding-top:var(--wp--preset--spacing--60);padding-right:var(--wp--preset--spacing--60);padding-bottom:var(--wp--preset--spacing--60);padding-left:var(--wp--preset--spacing--60)\">\n<figure class=\"wp-block-image size-large has-custom-border\"><img loading=\"lazy\" decoding=\"async\" width=\"1024\" height=\"1024\" src=\"https:\/\/nasawala.co\/wp-content\/uploads\/reel-005-1024x1024.jpg\" alt=\"NasaWala - La Fundaci\u00f3n Nasa Wala aporta al territorio\" class=\"wp-image-647\" style=\"border-radius:16px\" srcset=\"https:\/\/nasawala.co\/wp-content\/uploads\/reel-005-1024x1024.jpg 1024w, https:\/\/nasawala.co\/wp-content\/uploads\/reel-005-300x300.jpg 300w, https:\/\/nasawala.co\/wp-content\/uploads\/reel-005-150x150.jpg 150w, https:\/\/nasawala.co\/wp-content\/uploads\/reel-005-768x768.jpg 768w, https:\/\/nasawala.co\/wp-content\/uploads\/reel-005-400x400.jpg 400w, https:\/\/nasawala.co\/wp-content\/uploads\/reel-005-480x480.jpg 480w, https:\/\/nasawala.co\/wp-content\/uploads\/reel-005.jpg 1080w\" sizes=\"auto, (max-width: 1024px) 100vw, 1024px\" \/><\/figure>\n<\/div>\n\n\n\n<div class=\"wp-block-column is-vertically-aligned-center is-layout-flow wp-block-column-is-layout-flow\">\n<h2 class=\"wp-block-heading has-large-font-size\">La Fundaci\u00f3n Nasa Wala aporta al territorio<\/h2>\n\n\n\n<p>Como parte de la alianza con la empresa Power Leaves Corp., se han hecho entrega de \u00fatiles escolares a los ni\u00f1os y ni\u00f1as de los Resguardos Ind\u00edgenas de Calderas, Togoima y Cohetando, impactando a m\u00e1s de 4.000 estudiantes. Las entregas de estos \u00fatiles se realizaron durante los a\u00f1os 2021, 2022 y 2023 en los meses de diciembre, en compa\u00f1\u00eda de las familias y las autoridades ind\u00edgenas, espacios en los que se comparti\u00f3 en comunidad con comida y m\u00fasica tradicional.<\/p>\n<\/div>\n<\/div>\n<\/div>\n\n\n\n<div class=\"wp-block-group alignfull is-layout-constrained wp-container-core-group-is-layout-5c3d8866 wp-block-group-is-layout-constrained\" id=\"derechos-menstruales\" style=\"margin-top:var(--wp--preset--spacing--50);margin-bottom:var(--wp--preset--spacing--50);padding-top:0;padding-right:0;padding-bottom:0;padding-left:0\">\n<div class=\"wp-block-columns are-vertically-aligned-center is-layout-flex wp-container-core-columns-is-layout-28f84493 wp-block-columns-is-layout-flex\">\n<div class=\"wp-block-column is-vertically-aligned-center is-layout-flow wp-block-column-is-layout-flow\">\n<h2 class=\"wp-block-heading has-large-font-size\">Promoci\u00f3n de derechos menstruales a mujeres ind\u00edgenas del Resguardo de Calderas<\/h2>\n\n\n\n<p>La Fundaci\u00f3n Nasa Wala realiz\u00f3 una alianza con la organizaci\u00f3n TYET SAS, con quien se trabaj\u00f3 en el Resguardo de Calderas en la constituci\u00f3n de un semillero de multiplicadoras de los derechos menstruales. Este proceso se realiz\u00f3 en el segundo semestre del a\u00f1o 2024 con el desarrollo de:<\/p>\n\n\n\n<p><strong>Jornadas de educaci\u00f3n menstrual<\/strong> con \u00e9nfasis en los efectos que tienen las alternativas desechables para la absorci\u00f3n del sangrado menstrual, sus efectos sobre la salud \u00edntima femenina y el medio ambiente.&nbsp;<\/p>\n\n\n\n<p><strong>Socializaci\u00f3n y entrega de alternativas para el manejo menstrual<\/strong> como: copa menstrual, ropa interior menstrual y toallas de tela.&nbsp;<\/p>\n\n\n\n<p><strong>Constituci\u00f3n del primer proyecto productivo<\/strong> para el acceso al resto de las mujeres del Resguardo de copas menstruales de alta calidad.<\/p>\n<\/div>\n\n\n\n<div class=\"wp-block-column is-vertically-aligned-center is-layout-flow wp-block-column-is-layout-flow\" style=\"padding-top:var(--wp--preset--spacing--60);padding-right:var(--wp--preset--spacing--60);padding-bottom:var(--wp--preset--spacing--60);padding-left:var(--wp--preset--spacing--60)\">\n<figure class=\"wp-block-image size-large has-custom-border\"><img loading=\"lazy\" decoding=\"async\" width=\"1024\" height=\"1024\" src=\"https:\/\/nasawala.co\/wp-content\/uploads\/reel-004-1024x1024.jpg\" alt=\"NasaWala - Promoci\u00f3n de derechos menstruales a mujeres ind\u00edgenas del Resguardo de Calderas\" class=\"wp-image-646\" style=\"border-radius:16px\" srcset=\"https:\/\/nasawala.co\/wp-content\/uploads\/reel-004-1024x1024.jpg 1024w, https:\/\/nasawala.co\/wp-content\/uploads\/reel-004-300x300.jpg 300w, https:\/\/nasawala.co\/wp-content\/uploads\/reel-004-150x150.jpg 150w, https:\/\/nasawala.co\/wp-content\/uploads\/reel-004-768x768.jpg 768w, https:\/\/nasawala.co\/wp-content\/uploads\/reel-004-400x400.jpg 400w, https:\/\/nasawala.co\/wp-content\/uploads\/reel-004-480x480.jpg 480w, https:\/\/nasawala.co\/wp-content\/uploads\/reel-004.jpg 1080w\" sizes=\"auto, (max-width: 1024px) 100vw, 1024px\" \/><\/figure>\n<\/div>\n<\/div>\n<\/div>\n\n\n\n<p><\/p>\n","protected":false},"excerpt":{"rendered":"<p>Nuestra Organizaci\u00f3n Somos una organizaci\u00f3n empresarial ind\u00edgena ubicada en Tierradentro, departamento del Cauca (Colombia), quienes impulsamos procesos sociales y productivos para el bienestar y la transformaci\u00f3n territorial de los m\u00e1s de 20.000 habitantes de esta regi\u00f3n. Estamos constituidos a trav\u00e9s de una empresa Nasa Wala Wes\u2019x SAS que representa nuestra fuerza productiva con cuatro l\u00edneas [&hellip;]<\/p>\n","protected":false},"author":1,"featured_media":359,"parent":0,"menu_order":0,"comment_status":"closed","ping_status":"closed","template":"","meta":{"footnotes":""},"class_list":["post-141","page","type-page","status-publish","has-post-thumbnail","hentry"],"_links":{"self":[{"href":"https:\/\/nasawala.co\/index.php\/wp-json\/wp\/v2\/pages\/141","targetHints":{"allow":["GET"]}}],"collection":[{"href":"https:\/\/nasawala.co\/index.php\/wp-json\/wp\/v2\/pages"}],"about":[{"href":"https:\/\/nasawala.co\/index.php\/wp-json\/wp\/v2\/types\/page"}],"author":[{"embeddable":true,"href":"https:\/\/nasawala.co\/index.php\/wp-json\/wp\/v2\/users\/1"}],"replies":[{"embeddable":true,"href":"https:\/\/nasawala.co\/index.php\/wp-json\/wp\/v2\/comments?post=141"}],"version-history":[{"count":261,"href":"https:\/\/nasawala.co\/index.php\/wp-json\/wp\/v2\/pages\/141\/revisions"}],"predecessor-version":[{"id":817,"href":"https:\/\/nasawala.co\/index.php\/wp-json\/wp\/v2\/pages\/141\/revisions\/817"}],"wp:featuredmedia":[{"embeddable":true,"href":"https:\/\/nasawala.co\/index.php\/wp-json\/wp\/v2\/media\/359"}],"wp:attachment":[{"href":"https:\/\/nasawala.co\/index.php\/wp-json\/wp\/v2\/media?parent=141"}],"curies":[{"name":"wp","href":"https:\/\/api.w.org\/{rel}","templated":true}]}}