{"id":13,"date":"2024-06-22T00:01:17","date_gmt":"2024-06-22T00:01:17","guid":{"rendered":"https:\/\/nasawala.co\/esp\/?page_id=13"},"modified":"2025-06-26T18:15:55","modified_gmt":"2025-06-26T23:15:55","slug":"quienes-somos","status":"publish","type":"page","link":"https:\/\/nasawala.co\/index.php\/quienes-somos\/","title":{"rendered":"\u00bfQui\u00e9nes somos?"},"content":{"rendered":"\n<div class=\"wp-block-columns is-layout-flex wp-container-core-columns-is-layout-45c10ec9 wp-block-columns-is-layout-flex\" style=\"margin-top:var(--wp--preset--spacing--60);margin-bottom:var(--wp--preset--spacing--60)\">\n<div class=\"wp-block-column has-background-color has-vivid-red-background-color has-text-color has-background has-link-color wp-elements-e5285bd27137b215fdf85bf12c92b980 is-layout-flow wp-container-core-column-is-layout-9c001f8b wp-block-column-is-layout-flow\" style=\"border-top-left-radius:16px;border-top-right-radius:0px;border-bottom-left-radius:0px;border-bottom-right-radius:16px;padding-top:var(--wp--preset--spacing--60);padding-right:var(--wp--preset--spacing--60);padding-bottom:var(--wp--preset--spacing--60);padding-left:var(--wp--preset--spacing--60);flex-basis:50%\" id=\"fundacion\">\n<h1 class=\"wp-block-heading alignwide has-text-align-left has-montserrat-font-family has-x-large-font-size\" style=\"font-style:normal;font-weight:700\">\u00bfQui\u00e9nes Somos?<\/h1>\n\n\n\n<div style=\"height:40px\" aria-hidden=\"true\" class=\"wp-block-spacer\"><\/div>\n\n\n\n<p>La fundaci\u00f3n fue constituida el 22 de diciembre de 1997, e inscrita en la C\u00e1mara de Comercio el 9 de junio de 2004. Su objeto principal fue la creaci\u00f3n de obras cinematogr\u00e1ficas, cortos, documentales y producci\u00f3n audiovisual para dar a conocer desde una perspectiva propia ind\u00edgena, las voces de los pueblos \u00e9tnicos de Colombia.<\/p>\n\n\n\n<p>Se destacan producciones como <strong>ABORIGEN<\/strong> y <strong>Ancestro Tribal<\/strong> que se presentaron a trav\u00e9s de <strong>Se\u00f1al Colombia<\/strong>, durante los a\u00f1os 2001 al 2013. Esta producci\u00f3n fue dirigida por Daniel Pi\u00f1acu\u00e9 Achicu\u00e9 del pueblo Nasa de Calderas (Tierradentro \u2013 Cauca).&nbsp; Gracias a estos trabajos, la <strong>Fundaci\u00f3n Nasa Wala<\/strong> tuvo un amplio reconocimiento a nivel nacional e internacional, convirti\u00e9ndose en un referente del cine documental ind\u00edgena.<\/p>\n<\/div>\n\n\n\n<div class=\"wp-block-column is-vertically-aligned-center is-layout-flow wp-block-column-is-layout-flow\" style=\"padding-top:var(--wp--preset--spacing--60);padding-right:var(--wp--preset--spacing--60);padding-bottom:var(--wp--preset--spacing--60);padding-left:var(--wp--preset--spacing--60);flex-basis:50%\">\n<figure class=\"wp-block-image aligncenter size-full\"><img loading=\"lazy\" decoding=\"async\" width=\"600\" height=\"260\" src=\"https:\/\/nasawala.co\/wp-content\/uploads\/nasawala-fundacion-h.png\" alt=\"Nasawala Fundaci\u00f3n\" class=\"wp-image-367\" style=\"object-fit:cover\" srcset=\"https:\/\/nasawala.co\/wp-content\/uploads\/nasawala-fundacion-h.png 600w, https:\/\/nasawala.co\/wp-content\/uploads\/nasawala-fundacion-h-300x130.png 300w\" sizes=\"auto, (max-width: 600px) 100vw, 600px\" \/><\/figure>\n<\/div>\n<\/div>\n\n\n\n<div class=\"wp-block-columns is-layout-flex wp-container-core-columns-is-layout-4588bbbb wp-block-columns-is-layout-flex\" style=\"margin-top:0;margin-bottom:0;padding-top:0;padding-bottom:0\">\n<div class=\"wp-block-column is-vertically-aligned-stretch has-foreground-color has-text-color has-link-color wp-elements-6d7d0f2c0ff3888516513c16a5283442 is-layout-flow wp-block-column-is-layout-flow\" style=\"border-top-left-radius:16px;border-top-right-radius:0px;border-bottom-left-radius:0px;border-bottom-right-radius:16px;padding-top:var(--wp--preset--spacing--60);padding-right:var(--wp--preset--spacing--60);padding-bottom:var(--wp--preset--spacing--60);padding-left:var(--wp--preset--spacing--60)\">\n<h2 class=\"wp-block-heading has-text-align-center has-vivid-red-color has-text-color has-link-color has-montserrat-font-family has-large-font-size wp-elements-d066a98f86b1a3eb4b173e5c6e44ea79\" style=\"font-style:normal;font-weight:600\">Producci\u00f3n Aborigen<\/h2>\n\n\n\n<p>Hacia el a\u00f1o 2011 la Fundaci\u00f3n incluye dentro de su objeto social, el fortalecimiento organizativo y el desarrollo de iniciativas productivas, abriendo as\u00ed la posibilidad de incursionar en espacios de gobernanza, di\u00e1logo pol\u00edtico y de emprendimiento local. Desde ese a\u00f1o, la Fundaci\u00f3n desarrolla iniciativas en la transformaci\u00f3n de productos derivados de la hoja de coca y de otras plantas medicinales, participando en escenarios como AgroExpo, Feria del Hogar, mercados campesinos entre otros espacios en la ciudad de Bogot\u00e1.<\/p>\n<\/div>\n\n\n\n<div class=\"wp-block-column is-vertically-aligned-stretch is-layout-flow wp-block-column-is-layout-flow\" style=\"border-top-left-radius:16px;border-top-right-radius:0px;border-bottom-left-radius:0px;border-bottom-right-radius:16px;padding-top:var(--wp--preset--spacing--60);padding-right:var(--wp--preset--spacing--60);padding-bottom:var(--wp--preset--spacing--60);padding-left:var(--wp--preset--spacing--60)\">\n<h2 class=\"wp-block-heading has-text-align-center has-vivid-red-color has-text-color has-link-color has-montserrat-font-family has-large-font-size wp-elements-b5932645507741f8f54ed77f6d249fdb\" style=\"font-style:normal;font-weight:600\">Producci\u00f3n Ancestro Tribal<\/h2>\n\n\n\n<p class=\"has-foreground-color has-text-color has-link-color wp-elements-f162d08d7a47dd86cb595dd63f8553dd\">En el 2023 la Fundaci\u00f3n se reinventa fortaleciendo a\u00fan m\u00e1s su objeto productivo, estableciendo en el territorio de Tierradentro una infraestructura para la transformaci\u00f3n l\u00edcita de la hoja de coca en alianza con la empresa canadiense Power Leaves Corp. La Fundaci\u00f3n adem\u00e1s de impulsar estas iniciativas productivas, ha contribuido al bienestar de la poblaci\u00f3n de Tierradentro en \u00e1reas como la educaci\u00f3n, salud e infraestructura social.<\/p>\n<\/div>\n<\/div>\n\n\n\n<div class=\"wp-block-columns is-layout-flex wp-container-core-columns-is-layout-cd37730f wp-block-columns-is-layout-flex\" style=\"margin-top:var(--wp--preset--spacing--60);margin-bottom:var(--wp--preset--spacing--60);padding-top:0;padding-bottom:0\">\n<div class=\"wp-block-column is-layout-flow wp-block-column-is-layout-flow\">\n<figure class=\"wp-block-embed is-type-video is-provider-youtube wp-block-embed-youtube wp-embed-aspect-4-3 wp-has-aspect-ratio\"><div class=\"wp-block-embed__wrapper\">\n<iframe loading=\"lazy\" title=\"El pueblo Yagua en la serie documental \u201cAborigen todas las voces\u201d\" width=\"500\" height=\"375\" src=\"https:\/\/www.youtube.com\/embed\/sTg8TCQ7z7A?feature=oembed\" frameborder=\"0\" allow=\"accelerometer; autoplay; clipboard-write; encrypted-media; gyroscope; picture-in-picture; web-share\" referrerpolicy=\"strict-origin-when-cross-origin\" allowfullscreen><\/iframe>\n<\/div><\/figure>\n<\/div>\n\n\n\n<div class=\"wp-block-column is-layout-flow wp-block-column-is-layout-flow\">\n<figure class=\"wp-block-embed is-type-video is-provider-youtube wp-block-embed-youtube wp-embed-aspect-4-3 wp-has-aspect-ratio\"><div class=\"wp-block-embed__wrapper\">\n<iframe loading=\"lazy\" title=\"Ancestro Tribal\" width=\"500\" height=\"375\" src=\"https:\/\/www.youtube.com\/embed\/fkv-IzyQlVo?feature=oembed\" frameborder=\"0\" allow=\"accelerometer; autoplay; clipboard-write; encrypted-media; gyroscope; picture-in-picture; web-share\" referrerpolicy=\"strict-origin-when-cross-origin\" allowfullscreen><\/iframe>\n<\/div><\/figure>\n<\/div>\n<\/div>\n\n\n\n<div class=\"wp-block-columns are-vertically-aligned-top is-layout-flex wp-container-core-columns-is-layout-28f84493 wp-block-columns-is-layout-flex\" id=\"nasawala-wesx\">\n<div class=\"wp-block-column is-vertically-aligned-top is-layout-flow wp-block-column-is-layout-flow\" style=\"padding-top:var(--wp--preset--spacing--60);padding-right:var(--wp--preset--spacing--60);padding-bottom:var(--wp--preset--spacing--60);padding-left:var(--wp--preset--spacing--60);flex-basis:50%\">\n<figure class=\"wp-block-image size-full\" style=\"margin-top:0;margin-right:var(--wp--preset--spacing--70);margin-bottom:0;margin-left:var(--wp--preset--spacing--70)\"><img loading=\"lazy\" decoding=\"async\" width=\"500\" height=\"800\" src=\"https:\/\/nasawala.co\/wp-content\/uploads\/nasawala-wesx-v.png\" alt=\"Nasawala Wes'x\" class=\"wp-image-366\" style=\"object-fit:cover\" srcset=\"https:\/\/nasawala.co\/wp-content\/uploads\/nasawala-wesx-v.png 500w, https:\/\/nasawala.co\/wp-content\/uploads\/nasawala-wesx-v-188x300.png 188w\" sizes=\"auto, (max-width: 500px) 100vw, 500px\" \/><\/figure>\n<\/div>\n\n\n\n<div class=\"wp-block-column is-vertically-aligned-top has-foreground-color has-text-color has-link-color wp-elements-6a0f17d63e95d043eef139677337b84f is-layout-flow wp-block-column-is-layout-flow\" style=\"border-top-left-radius:16px;border-top-right-radius:0px;border-bottom-left-radius:0px;border-bottom-right-radius:16px;padding-top:var(--wp--preset--spacing--60);padding-right:var(--wp--preset--spacing--60);padding-bottom:var(--wp--preset--spacing--60);padding-left:var(--wp--preset--spacing--60);flex-basis:50%\">\n<h2 class=\"wp-block-heading has-vivid-red-color has-text-color has-link-color has-montserrat-font-family has-large-font-size wp-elements-cd419cece48291ec76c052db9936ff91\" style=\"font-style:normal;font-weight:600\"><strong>Nasa Wala Wes\u2019x SAS<\/strong> <\/h2>\n\n\n\n<p><strong>Nasa Wala Wes\u2019x SAS<\/strong> nace en el 2024 para liderar la organizaci\u00f3n <strong>Nasa Wala<\/strong> desde la naturaleza jur\u00eddica de una empresa, ampliando su alcance m\u00e1s all\u00e1 de la Fundaci\u00f3n.<\/p>\n\n\n\n<p>Con <strong>Nasa Wala Wes\u00b4x SAS<\/strong> se tiene el prop\u00f3sito de constituir negocios y establecer alianzas que beneficien al territorio.<\/p>\n\n\n\n<h3 class=\"wp-block-heading is-style-default has-montserrat-font-family has-large-font-size\" style=\"font-style:normal;font-weight:600\">L\u00edneas productivas<\/h3>\n\n\n\n<ul class=\"wp-block-list\">\n<li><strong>Plantas medicinales.<\/strong> Transformamos plantas del territorio, extrayendo sus beneficios en esencias, extractos, aceites y bebidas.<\/li>\n\n\n\n<li><strong>Producci\u00f3n sostenible. <\/strong>A trav\u00e9s de modelos agroecol\u00f3gicos y de la permacultura, producidos alimentos e insumos agropecuarios.<\/li>\n\n\n\n<li><strong>Piedras preciosas: <\/strong>con los conocimientos de la medicina ancestral las piedras son protecci\u00f3n, salud y gu\u00edas.<\/li>\n\n\n\n<li><strong>Agua:<\/strong> la esencia de la vida se protege y comparte para aliviar la sed de manera sostenible.<\/li>\n<\/ul>\n<\/div>\n<\/div>\n\n\n\n<figure class=\"wp-block-image alignfull size-full\" id=\"industrializacion\"><img loading=\"lazy\" decoding=\"async\" width=\"1299\" height=\"794\" src=\"https:\/\/nasawala.co\/wp-content\/uploads\/planta-foto.jpg\" alt=\"\" class=\"wp-image-771\" srcset=\"https:\/\/nasawala.co\/wp-content\/uploads\/planta-foto.jpg 1299w, https:\/\/nasawala.co\/wp-content\/uploads\/planta-foto-300x183.jpg 300w, https:\/\/nasawala.co\/wp-content\/uploads\/planta-foto-1024x626.jpg 1024w, https:\/\/nasawala.co\/wp-content\/uploads\/planta-foto-768x469.jpg 768w\" sizes=\"auto, (max-width: 1299px) 100vw, 1299px\" \/><\/figure>\n\n\n\n<h2 class=\"wp-block-heading has-text-align-center has-vivid-red-color has-text-color has-link-color has-montserrat-font-family has-large-font-size wp-elements-0fa8e7ad9c0956674ebbf807c8b31512\" style=\"font-style:normal;font-weight:600\"><strong>Industrializaci\u00f3n de la hoja de coca alianza con PLC<\/strong><\/h2>\n\n\n\n<div style=\"height:32px\" aria-hidden=\"true\" class=\"wp-block-spacer\"><\/div>\n\n\n\n<div class=\"wp-block-columns is-layout-flex wp-container-core-columns-is-layout-28f84493 wp-block-columns-is-layout-flex\">\n<div class=\"wp-block-column is-layout-flow wp-block-column-is-layout-flow\">\n<p><strong>Tres resguardos ind\u00edgenas de la zona de Tierradentro del Cauca (Colombia) : Calderas<\/strong>, <strong>Cohetando <\/strong>y <strong>Togoima <\/strong>a finales de 2021 hicieron una alianza a trav\u00e9s de Nasa Wala con la empresa canadiense <strong>Power Leaves corp.<\/strong>, para la venta de extractos y esencias sin los alcaloides usados para la elaboraci\u00f3n de sustancias il\u00edcitas como la coca\u00edna. <strong>Los extractos y esencias son la base para otros productos<\/strong> como alimentos y bebidas, los cuales son insumos para el mercado nacional e internacional. <\/p>\n\n\n\n<p><strong>Tambi\u00e9n Nasa Wala desarrolla productos como fertilizantes a base de hoja de coca.<\/strong><\/p>\n\n\n\n<p>Este proyecto cuenta con dos infraestructuras en territorio: una planta de transformaci\u00f3n\u00a0 ubicada en el Resguardo Ind\u00edgena de <strong>Cohetando<\/strong>, en donde colaboran mujeres y hombres ind\u00edgenas Nasas de los tres Resguardos. <strong>Power Leaves Corp<\/strong> transfiere el conocimiento cient\u00edfico de descocainizaci\u00f3n y el equipo en planta se encarga de todo el proceso, desde la recepci\u00f3n de la hoja de coca hasta el producto final que son los extractos, esencias y fertilizantes descocainizados.<br><\/p>\n<\/div>\n\n\n\n<div class=\"wp-block-column is-layout-flow wp-block-column-is-layout-flow\">\n<p>De la misma manera, se cuenta con un laboratorio de alta monta\u00f1a, ubicado en el Resguardo ind\u00edgena de Calderas, el cual ha sido un escenario de investigaci\u00f3n y de demostraci\u00f3n del uso de los fertilizantes a base de hoja de coca, as\u00ed como de producci\u00f3n de alimentos nativos comercializados localmente.\u00a0<\/p>\n\n\n\n<p><strong>Nasa Wala<\/strong> y <strong>Power Leaves Corp<\/strong> son una alianza innovadora con un alto potencial de crecimiento para el beneficio de todo un territorio. El impacto de esta alianza se ve reflejado en:<\/p>\n\n\n\n<ul class=\"wp-block-list\">\n<li><strong>La planta del Resguardo de Cohetando <\/strong>y el laboratorio de alta monta\u00f1a, generan empleo dirigido solo a poblaci\u00f3n ind\u00edgena. Fortaleciendo capacidades y aprendizajes.<\/li>\n\n\n\n<li><strong>Se compra la hoja de coca a familias de los tres Resguardos,<\/strong> para usos l\u00edcitos.<\/li>\n\n\n\n<li><strong>Se transfiere el conocimiento de descocainizaci\u00f3n, <\/strong>este proceso queda en el territorio ind\u00edgena de uso exclusivo para la poblaci\u00f3n ind\u00edgena.<\/li>\n\n\n\n<li><strong>El territorio ind\u00edgena participa de las ganancias de la venta de los productos finales<\/strong> que Power Leaves Corp haga a nivel nacional e internacional. No solo es la venta de los extractos y esencias, es un negocio que va m\u00e1s all\u00e1 para el beneficio de toda la poblaci\u00f3n.<\/li>\n<\/ul>\n<\/div>\n<\/div>\n","protected":false},"excerpt":{"rendered":"<p>\u00bfQui\u00e9nes Somos? La fundaci\u00f3n fue constituida el 22 de diciembre de 1997, e inscrita en la C\u00e1mara de Comercio el 9 de junio de 2004. Su objeto principal fue la creaci\u00f3n de obras cinematogr\u00e1ficas, cortos, documentales y producci\u00f3n audiovisual para dar a conocer desde una perspectiva propia ind\u00edgena, las voces de los pueblos \u00e9tnicos de [&hellip;]<\/p>\n","protected":false},"author":1,"featured_media":0,"parent":0,"menu_order":0,"comment_status":"closed","ping_status":"closed","template":"","meta":{"footnotes":""},"class_list":["post-13","page","type-page","status-publish","hentry"],"_links":{"self":[{"href":"https:\/\/nasawala.co\/index.php\/wp-json\/wp\/v2\/pages\/13","targetHints":{"allow":["GET"]}}],"collection":[{"href":"https:\/\/nasawala.co\/index.php\/wp-json\/wp\/v2\/pages"}],"about":[{"href":"https:\/\/nasawala.co\/index.php\/wp-json\/wp\/v2\/types\/page"}],"author":[{"embeddable":true,"href":"https:\/\/nasawala.co\/index.php\/wp-json\/wp\/v2\/users\/1"}],"replies":[{"embeddable":true,"href":"https:\/\/nasawala.co\/index.php\/wp-json\/wp\/v2\/comments?post=13"}],"version-history":[{"count":62,"href":"https:\/\/nasawala.co\/index.php\/wp-json\/wp\/v2\/pages\/13\/revisions"}],"predecessor-version":[{"id":774,"href":"https:\/\/nasawala.co\/index.php\/wp-json\/wp\/v2\/pages\/13\/revisions\/774"}],"wp:attachment":[{"href":"https:\/\/nasawala.co\/index.php\/wp-json\/wp\/v2\/media?parent=13"}],"curies":[{"name":"wp","href":"https:\/\/api.w.org\/{rel}","templated":true}]}}